{"id":8,"date":"2024-09-05T17:59:08","date_gmt":"2024-09-05T17:59:08","guid":{"rendered":"https:\/\/humanitieslab.goucher.edu\/cuba\/?page_id=8"},"modified":"2024-12-10T17:32:46","modified_gmt":"2024-12-10T17:32:46","slug":"home","status":"publish","type":"page","link":"https:\/\/humanitieslab.goucher.edu\/cuba\/","title":{"rendered":"Cuba"},"content":{"rendered":"\n<p><strong>Jackson, Johnathan, Shailen, Yoni<\/strong><\/p>\n\n\n\n<h4 class=\"wp-block-heading\" style=\"font-size:clamp(1.453rem, 1.453rem + ((1vw - 0.2rem) * 1.578), 2.4rem);\"><a href=\"#Geography\">Geograf\u00eda<\/a> <a href=\"#History\">Historia<\/a> <a href=\"#Literature\">Literatura<\/a> <a href=\"#Baseball\">B\u00e9isbol<\/a><\/h4>\n\n\n\n<p><\/p>\n\n\n\n<h2 class=\"wp-block-heading has-text-align-center\">Intro<\/h2>\n\n\n\n<p>Desde 1959, Cuba ha sido un pa\u00eds marcado por la Revoluci\u00f3n, liderada por Fidel Castro, quien buscaba construir una sociedad m\u00e1s justa, igualitaria y libre. M\u00e1s que un simple cambio de gobierno, la Revoluci\u00f3n fue un llamado a transformar profundamente las estructuras sociales, econ\u00f3micas y pol\u00edticas de la isla. La frase de Fidel, &#8220;Dentro de la Revoluci\u00f3n, todo; contra la Revoluci\u00f3n, nada&#8221;, refleja este compromiso. En su visi\u00f3n, la Revoluci\u00f3n era un espacio inclusivo para todas las ideas y acciones que impulsaran el bienestar del pueblo. Sin embargo, cualquier intento de socavar ese proyecto era considerado un ataque a los ideales de justicia y soberan\u00eda nacional. Enfrentando retos internos como la alfabetizaci\u00f3n y la reforma agraria, y una fuerte hostilidad externa, especialmente de Estados Unidos, Cuba consolid\u00f3 la unidad como un principio clave para proteger su independencia. Para Fidel, la Revoluci\u00f3n no solo defin\u00eda la pol\u00edtica de la naci\u00f3n, sino tambi\u00e9n el esp\u00edritu de lucha y dignidad que guiar\u00eda a su pueblo hacia el futuro.<\/p>\n\n\n\n<figure class=\"wp-block-image\"><img decoding=\"async\" src=\"https:\/\/lh7-rt.googleusercontent.com\/docsz\/AD_4nXccXmgjFFkqYbSHIy1lkGSVyXn9jEi4ATqZJ7rj8MY6foCboANnJWWpjxT6FHVfX1QlS_Og5XeTVB5ePAvt208FyG9_pWhg7l2dqmw6rpubPAA9F7I1fyljlvzBzMtOybyKuwi8?key=GjJEZIYJFBQ7X-p07Cii-WOq\" alt=\"Mapas de Cuba - Atlas del Mundo\" \/><\/figure>\n\n\n\n<div class=\"wp-block-group alignfull has-base-2-background-color has-background has-global-padding is-layout-constrained wp-container-core-group-is-layout-669513ed wp-block-group-is-layout-constrained\" style=\"margin-top:0;margin-bottom:0;padding-top:var(--wp--preset--spacing--50);padding-right:var(--wp--preset--spacing--50);padding-bottom:var(--wp--preset--spacing--50);padding-left:var(--wp--preset--spacing--50)\">\n<div class=\"wp-block-group is-vertical is-content-justification-center is-layout-flex wp-container-core-group-is-layout-52b864f0 wp-block-group-is-layout-flex\">\n<h2 class=\"wp-block-heading has-text-align-center is-style-asterisk\" id=\"Geography\">Geograf\u00eda de Cuba<\/h2>\n\n\n\n<p>Dos caracter\u00edsticas f\u00edsicas <\/p>\n\n\n\n<div style=\"height:0px\" aria-hidden=\"true\" class=\"wp-block-spacer wp-container-content-4f2ccadb\"><\/div>\n\n\n\n<p class=\"has-text-align-center\">Para Fidel Castro, Cuba no solo es una naci\u00f3n, sino un s\u00edmbolo de lucha, dignidad y resistencia. Desde una percepci\u00f3n revolucionaria, existen dos elementos f\u00edsicos como representaci\u00f3n de esta transformaci\u00f3n. El Malec\u00f3n de La Habana y la Sierra Maestra.<\/p>\n\n\n\n<p>El Malec\u00f3n, con su extensi\u00f3n frente al mar Caribe, representa la conexi\u00f3n de Cuba con el mundo y su papel como una estructura defensiva de soberan\u00eda frente a las adversidades externas. Las olas rompiendo sobre los muros, simboliza la perseverancia del pueblo cubano frente al bloqueo y las presiones internacionales.<\/p>\n\n\n\n<p><strong>El Malecon<\/strong><\/p>\n\n\n\n<figure class=\"wp-block-image is-resized\"><img decoding=\"async\" src=\"https:\/\/lh7-rt.googleusercontent.com\/docsz\/AD_4nXcrnEd7mhHgKK9c-FALnV-I6_EOCbecoUsJhLZBTgApaSzi612f9VZn1BNdYcFv4nJs4m5EOaPoP-Tz3hMGbhDJ3KnU8Tjh67lHbrT1SmovUFsIgpZrPqUg864EYzOTxyNu7YksZw?key=GjJEZIYJFBQ7X-p07Cii-WOq\" alt=\"\" style=\"width:412px;height:auto\" \/><\/figure>\n\n\n\n<p><strong>Econ\u00f3mico<\/strong>: El Malec\u00f3n simboliza la conexi\u00f3n de Cuba con el mundo mar\u00edtimo y su apertura al comercio internacional, aunque hist\u00f3ricamente restringido por el bloqueo econ\u00f3mico. Hoy es un espacio que impulsa el turismo, uno de los pilares econ\u00f3micos de la isla.<\/p>\n\n\n\n<p><strong>Pol\u00edtico<\/strong>: Representa la resistencia frente a las amenazas externas, especialmente desde Estados Unidos, como un s\u00edmbolo del enfrentamiento entre una peque\u00f1a naci\u00f3n y una superpotencia.<\/p>\n\n\n\n<p><strong>Hist\u00f3rico<\/strong>: Ha sido testigo de importantes eventos nacionales, manifestaciones, y la vida cotidiana de los cubanos durante generaciones.<\/p>\n\n\n\n<p><strong>Tur\u00edstico<\/strong>: Es uno de los lugares m\u00e1s ic\u00f3nicos de La Habana, donde turistas y locales se re\u00fanen para disfrutar del paisaje, la cultura y la historia de Cuba.<\/p>\n\n\n\n<p>Por otro lado, la Sierra Maestra, donde se fragu\u00f3 la lucha revolucionaria, es un recordatorio constante de los sacrificios y esfuerzos que dieron vida al proyecto socialista. Sus monta\u00f1as fueron el refugio de los rebeldes y el escenario de victorias que definieron el curso de la historia cubana. <\/p>\n\n\n\n<p><strong>Sierra Maestra<\/strong><\/p>\n\n\n\n<figure class=\"wp-block-image size-full\"><img loading=\"lazy\" decoding=\"async\" width=\"473\" height=\"266\" src=\"https:\/\/humanitieslab.goucher.edu\/cuba\/wp-content\/uploads\/sites\/29\/2024\/12\/image.png\" alt=\"\" class=\"wp-image-25\" srcset=\"https:\/\/humanitieslab.goucher.edu\/cuba\/wp-content\/uploads\/sites\/29\/2024\/12\/image.png 473w, https:\/\/humanitieslab.goucher.edu\/cuba\/wp-content\/uploads\/sites\/29\/2024\/12\/image-300x169.png 300w\" sizes=\"auto, (max-width: 473px) 100vw, 473px\" \/><\/figure>\n\n\n\n<p><strong>Econ\u00f3mico<\/strong>: Su terreno f\u00e9rtil es clave para la agricultura y peque\u00f1as comunidades rurales, aunque su acceso limitado hace que su impacto sea m\u00e1s local.<br><strong>Pol\u00edtico<\/strong>: Es la cuna de la Revoluci\u00f3n cubana, donde Fidel Castro y sus guerrilleros iniciaron la lucha que culminar\u00eda con el triunfo en 1959. Es un s\u00edmbolo de resistencia y sacrificio.<br><strong>Hist\u00f3rico<\/strong>: En sus monta\u00f1as se desarrollaron importantes batallas revolucionarias y estrategias que marcaron el curso de la historia cubana.<br><strong>Tur\u00edstico<\/strong>: Es un destino atractivo para aquellos interesados en la historia revolucionaria y en la belleza natural de Cuba, con senderos, paisajes y sitios hist\u00f3ricos como La Comandancia de La Plata.<\/p>\n\n\n\n<p class=\"has-text-align-center\">Estos dos lugares, uno urbano y abierto al mundo, y el otro rural y profundamente ligado al coraz\u00f3n de la Revoluci\u00f3n, encapsulan la esencia de una Cuba que, seg\u00fan Fidel, sigue firme en su camino hacia la justicia y la autodeterminaci\u00f3n.<\/p>\n<\/div>\n\n\n\n<div style=\"margin-top:0;margin-bottom:0;height:var(--wp--preset--spacing--40)\" aria-hidden=\"true\" class=\"wp-block-spacer\"><\/div>\n\n\n\n<div class=\"wp-block-columns alignwide is-layout-flex wp-container-core-columns-is-layout-d0bbbce0 wp-block-columns-is-layout-flex\">\n<div class=\"wp-block-column is-layout-flow wp-block-column-is-layout-flow\"><\/div>\n\n\n\n<div class=\"wp-block-column is-layout-flow wp-block-column-is-layout-flow\"><\/div>\n<\/div>\n\n\n\n<div style=\"height:var(--wp--preset--spacing--20)\" aria-hidden=\"true\" class=\"wp-block-spacer\"><\/div>\n\n\n\n<div class=\"wp-block-columns alignwide is-layout-flex wp-container-core-columns-is-layout-d0bbbce0 wp-block-columns-is-layout-flex\">\n<div class=\"wp-block-column is-layout-flow wp-block-column-is-layout-flow\"><\/div>\n\n\n\n<div class=\"wp-block-column is-layout-flow wp-block-column-is-layout-flow\"><\/div>\n<\/div>\n<\/div>\n\n\n\n<div class=\"wp-block-group alignfull has-global-padding is-layout-constrained wp-container-core-group-is-layout-d89aad35 wp-block-group-is-layout-constrained\" id=\"History\" style=\"margin-top:0;margin-bottom:0;padding-top:var(--wp--preset--spacing--50);padding-right:var(--wp--preset--spacing--50);padding-bottom:var(--wp--preset--spacing--50);padding-left:var(--wp--preset--spacing--50)\">\n<div class=\"wp-block-group alignwide has-global-padding is-layout-constrained wp-container-core-group-is-layout-19e250f3 wp-block-group-is-layout-constrained\">\n<div class=\"wp-block-group is-vertical is-content-justification-center is-layout-flex wp-container-core-group-is-layout-6329a8f3 wp-block-group-is-layout-flex\">\n<h2 class=\"wp-block-heading has-text-align-center is-style-asterisk\" id=\"History\">Una breve historia de Cuba<\/h2>\n\n\n\n<p class=\"has-text-align-center\"><\/p>\n<\/div>\n\n\n\n<div style=\"height:var(--wp--preset--spacing--40)\" aria-hidden=\"true\" class=\"wp-block-spacer\"><\/div>\n\n\n\n<div class=\"wp-block-columns alignwide is-layout-flex wp-container-core-columns-is-layout-d1c656ed wp-block-columns-is-layout-flex\">\n<div class=\"wp-block-column is-vertically-aligned-center is-layout-flow wp-block-column-is-layout-flow\" style=\"flex-basis:40%\">\n<h3 class=\"wp-block-heading is-style-asterisk\">Los Ta\u00ednos<\/h3>\n\n\n\n<ul style=\"line-height:1.75\" class=\"wp-block-list is-style-checkmark-list\">\n<li>Antes de la llegada de Crist\u00f3bal Col\u00f3n, m\u00faltiples grupos ind\u00edgenas consideraban la isla de Cuba su hogar, siendo los ta\u00ednos el m\u00e1s destacado. Se cree com\u00fanmente que fueron ellos quienes dieron nombre a la isla, posiblemente derivado de la palabra ta\u00edna <em>coabana<\/em>, que significa \u201cgran lugar\u201d, o <em>cubao<\/em>, que significa \u201cdonde abunda la tierra f\u00e9rtil\u201d. Otros piensan que fue un acortamiento de su nombre para la isla, <em>Cubanascnan<\/em>.&nbsp;<\/li>\n\n\n\n<li>El pueblo ta\u00edno, como muchos otros grupos ind\u00edgenas, fue obligado a la esclavitud y los que se rebelaron fueron asesinados. Eventualmente, incluso aquellos que cumplieron cayeron enfermos y murieron a enfermedades como la viruela, el sarampi\u00f3n y la gripe.<\/li>\n<\/ul>\n<\/div>\n\n\n\n<div class=\"wp-block-column is-layout-flow wp-block-column-is-layout-flow\" style=\"flex-basis:50%\">\n<figure class=\"wp-block-image aligncenter size-full is-style-rounded is-style-rounded--1\"><img loading=\"lazy\" decoding=\"async\" width=\"623\" height=\"322\" src=\"https:\/\/humanitieslab.goucher.edu\/cuba\/wp-content\/uploads\/sites\/29\/2024\/12\/taino-life-002-623x322-1.jpg\" alt=\"\" class=\"wp-image-27\" style=\"object-fit:cover\" srcset=\"https:\/\/humanitieslab.goucher.edu\/cuba\/wp-content\/uploads\/sites\/29\/2024\/12\/taino-life-002-623x322-1.jpg 623w, https:\/\/humanitieslab.goucher.edu\/cuba\/wp-content\/uploads\/sites\/29\/2024\/12\/taino-life-002-623x322-1-300x155.jpg 300w\" sizes=\"auto, (max-width: 623px) 100vw, 623px\" \/><figcaption class=\"wp-element-caption\">La llegada del Imperio espa\u00f1ol en 1492<\/figcaption><\/figure>\n\n\n\n<figure class=\"wp-block-image size-full\"><img loading=\"lazy\" decoding=\"async\" width=\"375\" height=\"315\" src=\"https:\/\/humanitieslab.goucher.edu\/cuba\/wp-content\/uploads\/sites\/29\/2024\/12\/unnamed.jpg\" alt=\"\" class=\"wp-image-31\" srcset=\"https:\/\/humanitieslab.goucher.edu\/cuba\/wp-content\/uploads\/sites\/29\/2024\/12\/unnamed.jpg 375w, https:\/\/humanitieslab.goucher.edu\/cuba\/wp-content\/uploads\/sites\/29\/2024\/12\/unnamed-300x252.jpg 300w\" sizes=\"auto, (max-width: 375px) 100vw, 375px\" \/><\/figure>\n<\/div>\n<\/div>\n\n\n\n<div style=\"height:var(--wp--preset--spacing--40)\" aria-hidden=\"true\" class=\"wp-block-spacer\"><\/div>\n\n\n\n<div class=\"wp-block-columns alignwide is-layout-flex wp-container-core-columns-is-layout-d1c656ed wp-block-columns-is-layout-flex\">\n<div class=\"wp-block-column is-layout-flow wp-block-column-is-layout-flow\" style=\"flex-basis:50%\">\n<figure class=\"wp-block-image size-large is-style-rounded is-style-rounded--2\"><img loading=\"lazy\" decoding=\"async\" width=\"1024\" height=\"577\" src=\"https:\/\/humanitieslab.goucher.edu\/cuba\/wp-content\/uploads\/sites\/29\/2024\/12\/esclavos-cubanos-1-1024x577.jpeg\" alt=\"\" class=\"wp-image-34\" srcset=\"https:\/\/humanitieslab.goucher.edu\/cuba\/wp-content\/uploads\/sites\/29\/2024\/12\/esclavos-cubanos-1-1024x577.jpeg 1024w, https:\/\/humanitieslab.goucher.edu\/cuba\/wp-content\/uploads\/sites\/29\/2024\/12\/esclavos-cubanos-1-300x169.jpeg 300w, https:\/\/humanitieslab.goucher.edu\/cuba\/wp-content\/uploads\/sites\/29\/2024\/12\/esclavos-cubanos-1-768x433.jpeg 768w, https:\/\/humanitieslab.goucher.edu\/cuba\/wp-content\/uploads\/sites\/29\/2024\/12\/esclavos-cubanos-1.jpeg 1278w\" sizes=\"auto, (max-width: 1024px) 100vw, 1024px\" \/><\/figure>\n\n\n\n<figure class=\"wp-block-image size-full\"><img loading=\"lazy\" decoding=\"async\" width=\"512\" height=\"290\" src=\"https:\/\/humanitieslab.goucher.edu\/cuba\/wp-content\/uploads\/sites\/29\/2024\/12\/unnamed-1.jpg\" alt=\"\" class=\"wp-image-36\" srcset=\"https:\/\/humanitieslab.goucher.edu\/cuba\/wp-content\/uploads\/sites\/29\/2024\/12\/unnamed-1.jpg 512w, https:\/\/humanitieslab.goucher.edu\/cuba\/wp-content\/uploads\/sites\/29\/2024\/12\/unnamed-1-300x170.jpg 300w\" sizes=\"auto, (max-width: 512px) 100vw, 512px\" \/><\/figure>\n<\/div>\n\n\n\n<div class=\"wp-block-column is-vertically-aligned-center is-layout-flow wp-block-column-is-layout-flow\" style=\"flex-basis:40%\">\n<h3 class=\"wp-block-heading is-style-asterisk\">Esclavitud<\/h3>\n\n\n\n<ul style=\"line-height:1.75\" class=\"wp-block-list is-style-checkmark-list\">\n<li>Para reemplazar a los trabajadores ind\u00edgenas que fueron exterminados cuando los espa\u00f1oles colonizaron la isla, el imperio comenz\u00f3 a importar esclavos de \u00c1frica para trabajos forzados.<\/li>\n\n\n\n<li>El comercio de esclavos creci\u00f3, y la ubicaci\u00f3n estrat\u00e9gica de Cuba en el Atl\u00e1ntico provoc\u00f3 el inter\u00e9s de los gobiernos brit\u00e1nico y, eventualmente, estadounidense.&nbsp;<\/li>\n\n\n\n<li>Una serie de levantamientos tuvieron lugar, incluyendo una guerra de guerrilla de 10 a\u00f1os que finalmente llev\u00f3 a los espa\u00f1oles a conceder ciertas cosas a los rebeldes, lo m\u00e1s importante es la abolici\u00f3n de la esclavitud. A pesar de este acuerdo, los espa\u00f1oles no mantuvieron sus reformas, lo que llev\u00f3 a una revoluci\u00f3n respaldada por Estados Unidos que llev\u00f3 al Imperio Espa\u00f1ol a renunciar a su soberan\u00eda sobre la isla.<\/li>\n\n\n\n<li>Los Estados Unidos intervinieron para llenar este vac\u00edo de poder, implementando una nueva constituci\u00f3n y permitiendo que su codicia corporativa y capitalista obtuviera el control sobre los recursos de la isla.<\/li>\n<\/ul>\n<\/div>\n<\/div>\n<\/div>\n<\/div>\n\n\n\n<div class=\"wp-block-group alignfull has-base-color has-contrast-background-color has-text-color has-background has-global-padding is-layout-constrained wp-container-core-group-is-layout-ef3d885c wp-block-group-is-layout-constrained\" style=\"margin-top:0;margin-bottom:0;padding-top:var(--wp--preset--spacing--60);padding-right:var(--wp--preset--spacing--60);padding-bottom:var(--wp--preset--spacing--60);padding-left:var(--wp--preset--spacing--60)\">\n<div class=\"wp-block-group is-nowrap is-layout-flex wp-container-core-group-is-layout-6c531013 wp-block-group-is-layout-flex\">\n<figure class=\"wp-block-image size-full is-resized\"><img loading=\"lazy\" decoding=\"async\" width=\"330\" height=\"505\" src=\"https:\/\/humanitieslab.goucher.edu\/cuba\/wp-content\/uploads\/sites\/29\/2024\/12\/Batista2.png\" alt=\"\" class=\"wp-image-46\" style=\"width:172px;height:auto\" srcset=\"https:\/\/humanitieslab.goucher.edu\/cuba\/wp-content\/uploads\/sites\/29\/2024\/12\/Batista2.png 330w, https:\/\/humanitieslab.goucher.edu\/cuba\/wp-content\/uploads\/sites\/29\/2024\/12\/Batista2-196x300.png 196w\" sizes=\"auto, (max-width: 330px) 100vw, 330px\" \/><\/figure>\n\n\n\n<div class=\"wp-block-group has-global-padding is-layout-constrained wp-block-group-is-layout-constrained\">\n<p class=\"has-text-align-center has-base-color has-text-color has-heading-font-family has-x-large-font-size\" style=\"line-height:1.2\"><em>Principios del siglo XX<\/em><\/p>\n\n\n\n<div style=\"height:var(--wp--preset--spacing--10)\" aria-hidden=\"true\" class=\"wp-block-spacer\"><\/div>\n\n\n\n<div class=\"wp-block-group is-vertical is-content-justification-center is-nowrap is-layout-flex wp-container-core-group-is-layout-2dc08cea wp-block-group-is-layout-flex\">\n\n\n<p class=\"has-text-align-left\" style=\"margin-top:var(--wp--preset--spacing--10);margin-bottom:0\">Los Estados Unidos intervinieron para llenar este vac\u00edo de poder, implementando una nueva constituci\u00f3n y permitiendo que su codicia corporativa y capitalista obtuviera el control sobre los recursos de la isla.<\/p>\n\n\n\n<p><\/p>\n\n\n\n<p><\/p>\n\n\n\n<p>Un bajo nivel de vida y las dificultades econ\u00f3micas perpetuaron la inestabilidad pol\u00edtica hasta la primera elecci\u00f3n presidencial de Cuba, cuando Fulgencio Batista asumi\u00f3 el cargo y comenz\u00f3 a implementar sus pol\u00edticas, que incluyeron la expansi\u00f3n del sistema educativo, el patrocinio de un gran programa de obras p\u00fablicas y el fomento del crecimiento econ\u00f3mico. Aunque esto puede parecer beneficioso, y en parte lo fue, Batista malvers\u00f3 fondos para su beneficio personal durante su presidencia. <\/p>\n\n\n\n<p><\/p>\n\n\n\n<p>Cuando se postul\u00f3 para la reelecci\u00f3n 8 a\u00f1os despu\u00e9s, qued\u00f3 claro que iba a perder, por lo que organiz\u00f3 un golpe de Estado para retomar el poder. Esta presidencia no ser\u00eda como la primera; de hecho, se convirti\u00f3 en una dictadura brutal.<\/p>\n\n\n\n<p><\/p>\n\n\n\n<p><\/p>\n\n\n\n<p>Solo un a\u00f1o despu\u00e9s de que Batista asumiera el cargo, su gobierno aplast\u00f3 un levantamiento encabezado por un joven abogado, cuyo nombre era Fidel Castro.<\/p>\n\n\n\n<p class=\"has-text-align-left\" style=\"margin-top:var(--wp--preset--spacing--10);margin-bottom:0\">7 a\u00f1os y 2 revoluciones fallidas m\u00e1s, la milicia revolucionaria de Castro entr\u00f3 en La Habana, lo que provoc\u00f3 la renuncia y la huida de Batista.<\/p>\n\n\n\n<p class=\"has-text-align-center has-contrast-3-color has-text-color has-small-font-size\" style=\"font-style:normal;font-weight:300\"><\/p>\n<\/div>\n<\/div>\n<\/div>\n<\/div>\n\n\n\n<div class=\"wp-block-columns is-layout-flex wp-container-core-columns-is-layout-28f84493 wp-block-columns-is-layout-flex\">\n<div class=\"wp-block-column is-layout-flow wp-block-column-is-layout-flow\" style=\"flex-basis:33.33%\"><\/div>\n\n\n\n<div class=\"wp-block-column is-layout-flow wp-block-column-is-layout-flow\" style=\"flex-basis:66.66%\"><\/div>\n<\/div>\n\n\n\n<p>Fidel Castro emergi\u00f3 como una figura central en la historia de Cuba, conectando el pasado colonial y las luchas por la soberan\u00eda con el complejo panorama de la Guerra Fr\u00eda. Su revoluci\u00f3n de 1959 no solo derroc\u00f3 la dictadura de Batista, sino que tambi\u00e9n rompi\u00f3 con el legado de intervenci\u00f3n extranjera que hab\u00eda marcado a la isla desde la \u00e9poca colonial. <\/p>\n\n\n\n<figure class=\"wp-block-image size-full\"><img loading=\"lazy\" decoding=\"async\" width=\"595\" height=\"335\" src=\"https:\/\/humanitieslab.goucher.edu\/cuba\/wp-content\/uploads\/sites\/29\/2024\/12\/image-3.png\" alt=\"\" class=\"wp-image-51\" srcset=\"https:\/\/humanitieslab.goucher.edu\/cuba\/wp-content\/uploads\/sites\/29\/2024\/12\/image-3.png 595w, https:\/\/humanitieslab.goucher.edu\/cuba\/wp-content\/uploads\/sites\/29\/2024\/12\/image-3-300x169.png 300w\" sizes=\"auto, (max-width: 595px) 100vw, 595px\" \/><\/figure>\n\n\n\n<div class=\"wp-block-group is-nowrap is-layout-flex wp-container-core-group-is-layout-6c531013 wp-block-group-is-layout-flex\">\n<p>Al nacionalizar los recursos y adoptar una ideolog\u00eda socialista, Castro posicion\u00f3 a Cuba como un actor clave en el enfrentamiento global entre Estados Unidos y la Uni\u00f3n Sovi\u00e9tica. Este giro marc\u00f3 el inicio de d\u00e9cadas de confrontaci\u00f3n con los Estados Unidos, cuyo embargo econ\u00f3mico sigue afectando a la isla. En la Crisis de los Misiles, Cuba pas\u00f3 de ser una naci\u00f3n perif\u00e9rica a un epicentro de la pol\u00edtica mundial, consolidando el papel de Castro como un s\u00edmbolo de resistencia frente al imperialismo y dejando un impacto duradero en la identidad nacional cubana.<\/p>\n<\/div>\n\n\n\n<p>La Crisis de los Misiles en Cuba, ocurrida en octubre de 1962, sigue siendo uno de los eventos m\u00e1s significativos en la historia contempor\u00e1nea y ha dejado una profunda marca en la identidad nacional y el pensamiento colectivo tanto de Cuba como del mundo. Este enfrentamiento entre Estados Unidos y la Uni\u00f3n Sovi\u00e9tica, con Cuba en el centro, represent\u00f3 el momento m\u00e1s cercano en que el mundo estuvo al borde de una guerra nuclear. El impacto de este episodio ha moldeado no solo la pol\u00edtica internacional, sino tambi\u00e9n la percepci\u00f3n de Cuba como un actor clave en la Guerra Fr\u00eda.<\/p>\n\n\n\n<figure class=\"wp-block-image size-full\"><img loading=\"lazy\" decoding=\"async\" width=\"631\" height=\"300\" src=\"https:\/\/humanitieslab.goucher.edu\/cuba\/wp-content\/uploads\/sites\/29\/2024\/12\/image-2.png\" alt=\"\" class=\"wp-image-49\" srcset=\"https:\/\/humanitieslab.goucher.edu\/cuba\/wp-content\/uploads\/sites\/29\/2024\/12\/image-2.png 631w, https:\/\/humanitieslab.goucher.edu\/cuba\/wp-content\/uploads\/sites\/29\/2024\/12\/image-2-300x143.png 300w\" sizes=\"auto, (max-width: 631px) 100vw, 631px\" \/><\/figure>\n\n\n\n<p>Para Cuba, la crisis consolid\u00f3 su identidad como una naci\u00f3n que desafiaba las potencias mundiales, en particular a los Estados Unidos. La presencia de misiles sovi\u00e9ticos en territorio cubano no solo representaba un escudo defensivo contra una posible invasi\u00f3n estadounidense, sino tambi\u00e9n un s\u00edmbolo del papel estrat\u00e9gico de Cuba en el enfrentamiento global entre el capitalismo y el socialismo. <\/p>\n\n\n\n<p>Aunque la resoluci\u00f3n implic\u00f3 la retirada de los misiles, el episodio reforz\u00f3 la narrativa de resistencia frente al imperialismo y ciment\u00f3 el liderazgo de Fidel Castro en el imaginario nacional e internacional.<\/p>\n\n\n\n<p>Los efectos de la crisis siguen presentes en la pol\u00edtica y las relaciones internacionales de Cuba. El embargo econ\u00f3mico impuesto por Estados Unidos durante ese per\u00edodo persiste hasta hoy, marcando profundamente la econom\u00eda y la sociedad cubanas. Adem\u00e1s, la percepci\u00f3n de Cuba como un baluarte del socialismo y su papel en movimientos internacionales de izquierda tiene sus ra\u00edces en este momento cr\u00edtico. La crisis tambi\u00e9n fortaleci\u00f3 el aislamiento pol\u00edtico de la isla, una condici\u00f3n que defini\u00f3 gran parte de su historia posterior.<\/p>\n\n\n\n<p>A nivel global, la crisis dej\u00f3 lecciones significativas sobre la importancia de la diplomacia y la comunicaci\u00f3n en la resoluci\u00f3n de conflictos. La creaci\u00f3n de la &#8220;L\u00ednea Directa&#8221; entre Washington y Mosc\u00fa para evitar malentendidos futuros fue un legado directo de este evento. Asimismo, este episodio cataliz\u00f3 esfuerzos internacionales de control de armas nucleares y foment\u00f3 un enfoque m\u00e1s cauteloso en la pol\u00edtica exterior, lecciones que a\u00fan influyen en el mundo contempor\u00e1neo.<\/p>\n\n\n\n<p>En \u00faltima instancia, la Crisis de los Misiles no solo transform\u00f3 la din\u00e1mica de la Guerra Fr\u00eda, sino que tambi\u00e9n redefini\u00f3 el lugar de Cuba en el escenario mundial. Su impacto contin\u00faa resonando en la pol\u00edtica, la econom\u00eda y la identidad cultural de la naci\u00f3n, marcando un antes y un despu\u00e9s en la historia cubana.<\/p>\n\n\n\n<figure class=\"wp-block-image size-large\" id=\"Literature\"><img decoding=\"async\" src=\"https:\/\/en.granma.cu\/file\/img\/2019\/07\/medium\/f0025179.jpg\" alt=\"\" \/><\/figure>\n\n\n\n<h2 class=\"wp-block-heading has-text-align-center\">La Literature Cubana: Un Discurso y Poema.<\/h2>\n\n\n\n<p>La primera obra de literatura Cubana es un discurso de Fidel Castro, lo que se llama \u201cPalabras a Los Intelectuales.\u201d Este discurso, lo present\u00f3 en junio de 1961 al Consejo Nacional de Cultura Cubana. La cita famosa de este discurso es \u201cdentro de la revoluci\u00f3n, todo. Fuera de la revoluci\u00f3n, nada.\u201d El prop\u00f3sito de este discurso era de orientar y controlar la producci\u00f3n intelectual y art\u00edstica en Cuba.&nbsp;<br><\/p>\n\n\n\n<h4 class=\"wp-block-heading has-text-align-center\">Contexto del Autor<\/h4>\n\n\n\n<p><br>Fidel Castro naci\u00f3 el 13 de agosto de 1926, en Bir\u00e1n, Cuba y muri\u00f3 el 25 de noviembre de 2016, en La Habana, Cuba. Desde ni\u00f1ez, se interes\u00f3 por el marxismo, el antimperialismo y la lucha contra la corrupci\u00f3n en Cuba. \u00c9l dirigi\u00f3 la revoluci\u00f3n Cubana contra Fulgencio Batista y fue el primer ministro Cubano hasta 2006, cuando deleg\u00f3 el poder a su hermano Ra\u00fal Castro debido a problemas de salud. \u00c9l es admirado por muchos por su resistencia al imperialismo y sus logros sociales, pero fue criticado por otros por su tiran\u00eda y represi\u00f3n. Su liderazgo transform\u00f3 a Cuba en un s\u00edmbolo de lucha revolucionaria y resistencia global, pero con grandes desaf\u00edos econ\u00f3micos y pol\u00edticos.<br><\/p>\n\n\n\n<h4 class=\"wp-block-heading has-text-align-center\">Importancia<\/h4>\n\n\n\n<p>Este discurso tuvo un gran impacto en Cuba. Era unas de las primeras indicaciones de las restricciones que Castro pondr\u00eda sobre la isla en el futuro. \u00c9l habla sobre lo que las artistas cubanas pueden hacer, y las consecuencias si ellos critican a la revoluci\u00f3n. El uso en este discurso de la idea de un \u201cderecho\u201d es muy interesante. Ambas, la gente y la revoluci\u00f3n tiene \u201cel derecho de existir.\u201d Pero cuando artistas contrarrevolucionarios crean arte contra la revoluci\u00f3n, ellos violan este derecho de existir de la revoluci\u00f3n y despu\u00e9s, en la idea de Castro, ellos no tienen ning\u00fan derecho.&nbsp;<br><\/p>\n\n\n\n<p><\/p>\n\n\n\n<h3 class=\"wp-block-heading\">Tengo &#8211; Nicolas Guill\u00e9n<\/h3>\n\n\n\n<h4 class=\"wp-block-heading has-text-align-center\">Contexto del Autor<\/h4>\n\n\n\n<p>La segunda obra de literatura Cubana es el poema \u201cTengo,\u201d por Nicolas Guillen. Guillen era un poeta Cubano. Naci\u00f3 el 10 de julio de 1902, en Camag\u00fcey, Cuba y muri\u00f3 el 16 de julio de 1989, en La Habana, Cuba. Era un poeta, periodista y activista pol\u00edtico. Naci\u00f3 en una familia mestiza, lo que influy\u00f3 profundamente en su enfoque en la cultura y la identidad afrocubanas.<\/p>\n\n\n\n<figure class=\"wp-block-image aligncenter size-large\"><img decoding=\"async\" src=\"https:\/\/encrypted-tbn0.gstatic.com\/images?q=tbn:ANd9GcR21rB6dGSzeP0dEkxqNABPg3KWO9tuhdvIig&amp;s\" alt=\"\" \/><\/figure>\n\n\n\n<p>Su obra refleja influencias del folclore cubano, tradiciones africanas y movimientos literarios europeos. Se uni\u00f3 al Partido Comunista de Cuba en 1937, y muchas de sus obras reflejan ideas revolucionarias o comunistas.<\/p>\n\n\n\n<figure class=\"wp-block-embed is-type-video is-provider-youtube wp-block-embed-youtube wp-embed-aspect-16-9 wp-has-aspect-ratio\"><div class=\"wp-block-embed__wrapper\">\n<iframe loading=\"lazy\" title=\"Nicol\u00e1s Guill\u00e9n - Tengo (poema en su voz)\" width=\"500\" height=\"281\" src=\"https:\/\/www.youtube.com\/embed\/D3UJc20AmJU?feature=oembed\" frameborder=\"0\" allow=\"accelerometer; autoplay; clipboard-write; encrypted-media; gyroscope; picture-in-picture; web-share\" referrerpolicy=\"strict-origin-when-cross-origin\" allowfullscreen><\/iframe>\n<\/div><\/figure>\n\n\n\n<h4 class=\"wp-block-heading has-text-align-center\">Importancia<\/h4>\n\n\n\n<p>El poema habla de algunos temas revolucionarios. \u00c9l est\u00e1 incondicionalmente a favor de la revoluci\u00f3n, y se muestra en su trabajo. Cuando escribe del mar, \u00e9l refleja la conexi\u00f3n e igualdad que \u00e9l siente dentro de la revoluci\u00f3n. En su perspectiva de la revoluci\u00f3n, nadie vive vidas tan elegantes, pero todos son iguales y conectados como olas en el mar Cubana. El siente orgullo por su pa\u00eds y denuncia el racismo estructural que sufri\u00f3 antes de la revoluci\u00f3n. Este poema es un ejemplo del arte dentro de la revoluci\u00f3n, como Castro explic\u00f3, que mantiene el derecho de existir de la revoluci\u00f3n Cubana.&nbsp;<br><\/p>\n\n\n\n<figure class=\"wp-block-image aligncenter size-large\" id=\"Baseball\"><img decoding=\"async\" src=\"https:\/\/upload.wikimedia.org\/wikipedia\/commons\/thumb\/7\/7b\/Barbudos_-_Fidel_Castro_and_Camilo_Cienfuegos.jpg\/440px-Barbudos_-_Fidel_Castro_and_Camilo_Cienfuegos.jpg\" alt=\"\" \/><\/figure>\n\n\n\n<h2 class=\"wp-block-heading has-text-align-center\">La Importancia del B\u00e9isbol en Cuba<\/h2>\n\n\n\n<h4 class=\"wp-block-heading has-text-align-center\">Introducci\u00f3n<\/h4>\n\n\n\n<p>El b\u00e9isbol fue introducido por algunos estudiantes cubanos cuando regresaron de su universidad en Alabama. En 1868, ellos fundaron el primer equipo Cubano, llamado la Habana Base Ball Club. Despu\u00e9s, el deporte se difundi\u00f3 sobre la isla r\u00e1pidamente, pero fue prohibido por el gobierno Espa\u00f1ol, porque caus\u00f3 menos personas a jugar deportes tradicionales de Espa\u00f1a, como la corrida de toros. Esto caus\u00f3 una relaci\u00f3n entre el b\u00e9isbol y sentimientos revolucionarios para la gente Cubano. Este result\u00f3 en el acto de jugar el deporte transformando a ser un acto de resistencia contra el gobierno espa\u00f1ol. El b\u00e9isbol era un aspecto muy importante de todos las partes de la cultura, con trabajadores en trapiches jugando como un equipo contra otros trapiches durante el fin de semana. La influencia de los Estados Unidos en el b\u00e9isbol cubano impact\u00f3 las oportunidades de los afrocubanos, porque no pod\u00edan jugar profesionalmente en los Estados Unidos por muchos a\u00f1os.&nbsp;<br><\/p>\n\n\n\n<h4 class=\"wp-block-heading has-text-align-center\">B\u00e9isbol Post Revolucionario<\/h4>\n\n\n\n<p class=\"has-text-align-left\">Cuando Fidel Castro tom\u00f3 el poder en 1959, la Revoluci\u00f3n Cubana estaba en su apogeo, y con ello llegaron cambios fundamentales en la forma en que se organizaba el b\u00e9isbol en Cuba.&nbsp;<\/p>\n\n\n\n<p class=\"has-text-align-left\">En 1961, el gobierno cubano implement\u00f3 cambios sustantivos, empezando con la introducci\u00f3n del <em>Instituto Nacional de Deportes, Educaci\u00f3n F\u00edsica y Recreaci\u00f3n<\/em>. El gobierno cubano hizo del \u00e9xito en las competiciones deportivas un objetivo primordial con la esperanza de que los triunfos deportivos internacionales pudieran atraer la atenci\u00f3n positiva a la Revoluci\u00f3n Cubana. Adem\u00e1s, esto dar\u00eda a los propios cubanos un sentido de orgullo y sentimientos de nacionalismo por la Revoluci\u00f3n. <\/p>\n\n\n\n<p class=\"has-text-align-left\">Algunas semanas despu\u00e9s, el gobierno sustituy\u00f3 el b\u00e9isbol profesional por ligas amateur, destacando la Serie Nacional Cubana. Esta reorganizaci\u00f3n buscaba promover un modelo deportivo socialista alineado con ideales nacionales, alej\u00e1ndose del lucro. Los l\u00edderes revolucionarios consideraban que el capitalismo corromp\u00eda el deporte y explotaba a las masas. Como resultado a este cambio a las ligas amateur, los jugadores no se les pagaba como antes. La situaci\u00f3n empeor\u00f3 a principios de la d\u00e9cada de 1990 tras el colapso de la Uni\u00f3n Sovi\u00e9tica en 1991, principal socio comercial de Cuba. Esto llev\u00f3 a que muchos jugadores desertaron hacia los Estados Unidos debido al deterioro de las condiciones econ\u00f3micas.&nbsp;<br><br>El b\u00e9isbol se utiliz\u00f3 con fines pol\u00edticos. Por ejemplo, el equipo nacional cubano ha jugado en pa\u00edses como Nicaragua para ayudar a v\u00edctimas de inundaciones y en Jap\u00f3n como gesto simb\u00f3lico de buena voluntad hacia un importante socio comercial. Estas acciones reflejan el compromiso de Cuba con el internacionalismo socialista, que a\u00fan hoy se evidencia en la labor de especialistas deportivos cubanos entrenando e instruyendo a ciudadanos de otras naciones.<br><\/p>\n\n\n\n<h4 class=\"wp-block-heading has-text-align-center\">Importancia para la identidad Cubana<\/h4>\n\n\n\n<div class=\"wp-block-group is-nowrap is-layout-flex wp-container-core-group-is-layout-6c531013 wp-block-group-is-layout-flex\">\n<figure class=\"wp-block-image is-resized\"><img decoding=\"async\" src=\"https:\/\/lh7-rt.googleusercontent.com\/docsz\/AD_4nXf1lbyJyfs-qR7HeFkJ2zki8ENbLcY59pP5wO9vCdIcoMD8GtgnFsxa9k0LMXtQ2xvjIT86kVFK5pb_uu8x1PgC0TXqlauj_b_gNyO0AOAcugscb0YH9bKWtktaBJuwe9zquVNO?key=GjJEZIYJFBQ7X-p07Cii-WOq\" alt=\"\" style=\"width:336px;height:auto\" \/><\/figure>\n\n\n\n<p>Tras la Revoluci\u00f3n cubana, el b\u00e9isbol se integr\u00f3 al discurso socialista como el &#8220;deporte del pueblo,&#8221; accesible para todos y libre de la comercializaci\u00f3n propia de los pa\u00edses capitalistas. Los equipos nacionales representaban no solo talento deportivo, sino tambi\u00e9n el \u00e9xito de los ideales revolucionarios en el \u00e1mbito internacional.<\/p>\n<\/div>\n\n\n\n<p>El b\u00e9isbol es motivo de orgullo nacional y une a las comunidades m\u00e1s all\u00e1 de las diferencias sociales y econ\u00f3micas. Desde los barrios hasta los grandes torneos nacionales, el deporte encarna el esp\u00edritu colectivo de alegr\u00eda y perseverancia que define a Cuba.<\/p>\n\n\n\n<div class=\"wp-block-group is-nowrap is-layout-flex wp-container-core-group-is-layout-6c531013 wp-block-group-is-layout-flex\">\n<p>Las estrellas del b\u00e9isbol cubano, tanto del pasado como del presente, han alcanzado fama internacional, reforzando la identidad nacional. A pesar de los desaf\u00edos, como las deserciones de jugadores en busca de contratos en el extranjero, estos atletas siguen siendo un s\u00edmbolo del talento y la perseverancia cubana.<\/p>\n\n\n\n<figure class=\"wp-block-image is-resized\"><img decoding=\"async\" src=\"https:\/\/lh7-rt.googleusercontent.com\/docsz\/AD_4nXfxWzEh1oVg3CwhHg1VPIoR3ZMACUHBy--IPtzvyCdzMaRv0212jlhdYTtdHLxJjrqYFz8cVyfuc9zWqoaJ5PDMWI3AZ_hNGunZAnJ6HMALRZxoXz24MRLiFOLI-lmDC16n47D6gw?key=GjJEZIYJFBQ7X-p07Cii-WOq\" alt=\"\" style=\"width:240px;height:auto\" \/><\/figure>\n<\/div>\n\n\n\n<p>El b\u00e9isbol en Cuba es mucho m\u00e1s que un pasatiempo, es un reflejo del alma del pa\u00eds, que conecta su pasado, su presente y su futuro.<\/p>\n\n\n\n<p><\/p>\n\n\n\n<h4 class=\"wp-block-heading has-text-align-center\">El impacto en la relaci\u00f3n entre Cuba y Estados Unidos a trav\u00e9s del b\u00e9isbol <br><\/h4>\n\n\n\n<p><\/p>\n\n\n\n<p>A principios del siglo XX, equipos cubanos jugaban con frecuencia contra equipos estadounidenses, y muchos jugadores cubanos fueron contratados por ligas profesionales en Estados Unidos, incluidas las Ligas Negras antes de la integraci\u00f3n racial en el b\u00e9isbol.<\/p>\n\n\n\n<p>Los \u00e9xitos de jugadores cubanos en las Grandes Ligas, como Jos\u00e9 Abreu o Yordan \u00c1lvarez, generan orgullo en el pueblo cubano, aunque no siempre son reconocidos oficialmente por el gobierno debido a las tensiones pol\u00edticas.<\/p>\n\n\n\n<div class=\"wp-block-group is-nowrap is-layout-flex wp-container-core-group-is-layout-6c531013 wp-block-group-is-layout-flex\">\n<figure class=\"wp-block-image is-resized\"><img decoding=\"async\" src=\"https:\/\/lh7-rt.googleusercontent.com\/docsz\/AD_4nXeoesh-YextmSZztpfj5kJ6wqT4qtbPygoSyTgqmpT_3vgWEp0ngj2UB1MmyPl8xLfYex3gsTiF9sza0BCJoZ_RBHH3pl6Ae8nctX3gbBVt0VPEKukVesMKOeyJHxkB_8B5EuZHyw?key=GjJEZIYJFBQ7X-p07Cii-WOq\" alt=\"\" style=\"width:294px;height:auto\" \/><\/figure>\n\n\n\n<p>El embargo de Estados Unidos ha dificultado acuerdos oficiales entre las Grandes Ligas y la Federaci\u00f3n Cubana de B\u00e9isbol. Aunque hubo intentos de normalizar estas relaciones durante el deshielo diplom\u00e1tico entre 2014 y 2016, las restricciones volvieron a endurecerse en a\u00f1os recientes.<\/p>\n<\/div>\n\n\n\n<p>El b\u00e9isbol atrae a turistas estadounidenses interesados en la historia deportiva de Cuba y en presenciar partidos locales. Esto fomenta un intercambio cultural que beneficia la econom\u00eda y refuerza los lazos entre los pueblos, aunque sea en un contexto no pol\u00edtico<\/p>\n\n\n\n<p>La conexi\u00f3n entre el b\u00e9isbol cubano y Estados Unidos es un reflejo de la relaci\u00f3n compleja entre ambos pa\u00edses. Por un lado, ha sido una fuente de orgullo y reconocimiento internacional para Cuba; por otro, ha generado tensiones internas por la p\u00e9rdida de talentos y las limitaciones econ\u00f3micas. A pesar de los desaf\u00edos, el b\u00e9isbol sigue siendo un v\u00ednculo cultural que une a los dos pa\u00edses m\u00e1s all\u00e1 de las barreras pol\u00edticas.<\/p>\n\n\n\n<p><\/p>\n","protected":false},"excerpt":{"rendered":"<p>Jackson, Johnathan, Shailen, Yoni Geograf\u00eda Historia Literatura B\u00e9isbol Intro Desde 1959, Cuba ha sido un pa\u00eds marcado por la Revoluci\u00f3n, liderada por Fidel Castro, quien buscaba construir una sociedad m\u00e1s justa, igualitaria y libre. M\u00e1s que un simple cambio de gobierno, la Revoluci\u00f3n fue un llamado a transformar profundamente las estructuras sociales, econ\u00f3micas y pol\u00edticas [&hellip;]<\/p>\n","protected":false},"author":4,"featured_media":0,"parent":0,"menu_order":0,"comment_status":"closed","ping_status":"closed","template":"","meta":{"_monsterinsights_skip_tracking":false,"_monsterinsights_sitenote_active":false,"_monsterinsights_sitenote_note":"","_monsterinsights_sitenote_category":0,"footnotes":""},"class_list":["post-8","page","type-page","status-publish","hentry"],"_links":{"self":[{"href":"https:\/\/humanitieslab.goucher.edu\/cuba\/wp-json\/wp\/v2\/pages\/8","targetHints":{"allow":["GET"]}}],"collection":[{"href":"https:\/\/humanitieslab.goucher.edu\/cuba\/wp-json\/wp\/v2\/pages"}],"about":[{"href":"https:\/\/humanitieslab.goucher.edu\/cuba\/wp-json\/wp\/v2\/types\/page"}],"author":[{"embeddable":true,"href":"https:\/\/humanitieslab.goucher.edu\/cuba\/wp-json\/wp\/v2\/users\/4"}],"replies":[{"embeddable":true,"href":"https:\/\/humanitieslab.goucher.edu\/cuba\/wp-json\/wp\/v2\/comments?post=8"}],"version-history":[{"count":18,"href":"https:\/\/humanitieslab.goucher.edu\/cuba\/wp-json\/wp\/v2\/pages\/8\/revisions"}],"predecessor-version":[{"id":56,"href":"https:\/\/humanitieslab.goucher.edu\/cuba\/wp-json\/wp\/v2\/pages\/8\/revisions\/56"}],"wp:attachment":[{"href":"https:\/\/humanitieslab.goucher.edu\/cuba\/wp-json\/wp\/v2\/media?parent=8"}],"curies":[{"name":"wp","href":"https:\/\/api.w.org\/{rel}","templated":true}]}}